{"id":18,"date":"2015-08-20T15:07:12","date_gmt":"2015-08-20T14:07:12","guid":{"rendered":"http:\/\/enviedeprier.com\/wordpress\/?page_id=18"},"modified":"2015-10-11T16:16:12","modified_gmt":"2015-10-11T15:16:12","slug":"seminaires","status":"publish","type":"page","link":"http:\/\/enviedeprier.com\/wordpress\/fr\/seminaires\/","title":{"rendered":"S\u00e9minaires"},"content":{"rendered":"<h2>S\u00e9minaires sur la pri\u00e8re<\/h2>\n<p>Lisez la Bible, l\u2019histoire de l\u2019\u00c9glise et vous verrez l\u2019importance et l\u2019impact de la pri\u00e8re. La pri\u00e8re change mon c\u0153ur, influence le cours de l\u2019Histoire, suscite les vocations, et Dieu en tiendra compte dans l\u2019\u00e9ternit\u00e9 (Apocalypse 8.1-4). La chose la plus grande que nous puissions faire pour Dieu et pour l\u2019homme, c\u2019est prier !<\/p>\n<p>Vous avez envie d\u2019\u00e9toffer et d&rsquo;approfondir votre vie de pri\u00e8re ? Trouver la joie, la d\u00e9tente, l&rsquo;intimit\u00e9 et m\u00eame un plaisir dans la pr\u00e9sence de Dieu ? Alors ces informations vous permettront d&rsquo;avoir acc\u00e8s \u00e0 un enseignement dynamique, pratique et biblique. Bonne lecture&#8230;<\/p>\n<blockquote><p>\u00ab La chose la plus grande que nous puissions faire pour Dieu et pour l\u2019homme, c\u2019est\u00a0PRIER \u00bb<\/p><\/blockquote>\n<h2 title=\"Pourquoi assister \u00e0 un s\u00e9minaire sur la pri\u00e8re\u00a0?\">Pourquoi assister \u00e0 un s\u00e9minaire sur la pri\u00e8re\u00a0?<\/h2>\n<p>C\u2019est un temps pour avoir des r\u00e9ponses aux questions suivantes\u00a0:<\/p>\n<h2 title=\"Pourquoi assister \u00e0 un s\u00e9minaire sur la pri\u00e8re\u00a0?\"><a href=\"http:\/\/enviedeprier.com\/wordpress\/wp-content\/uploads\/2015\/08\/seminaire01.jpg\"><img loading=\"lazy\" decoding=\"async\" class=\"alignright wp-image-186 size-medium\" src=\"http:\/\/enviedeprier.com\/wordpress\/wp-content\/uploads\/2015\/08\/seminaire01-300x225.jpg\" alt=\"seminaire01\" width=\"300\" height=\"225\" srcset=\"http:\/\/enviedeprier.com\/wordpress\/wp-content\/uploads\/2015\/08\/seminaire01-300x225.jpg 300w, http:\/\/enviedeprier.com\/wordpress\/wp-content\/uploads\/2015\/08\/seminaire01.jpg 640w\" sizes=\"auto, (max-width: 300px) 100vw, 300px\" \/><\/a><\/h2>\n<ul>\n<li>Qu\u2019est-ce que la pri\u00e8re\u00a0?<\/li>\n<li>Pourquoi et comment prier\u00a0?<\/li>\n<li>J\u2019ai envie de prier mais je n\u2019arrive pas \u00e0 me concentrer\u00a0!<\/li>\n<li>J\u2019aimerais apprendre \u00e0 mes enfants \u00e0 prier, mais comment faire\u00a0?<\/li>\n<li>Comment commencer \u00e0 prier et progresser dans la pri\u00e8re\u00a0?<\/li>\n<li>Pourquoi est-ce que je n\u2019arrive pas \u00e0 prier\u00a0?<\/li>\n<li>Comment puis-je savoir si Dieu entend et r\u00e9pond \u00e0 mes pri\u00e8res\u00a0?<\/li>\n<li>Comment cultiver, approfondir, organiser ma vie de pri\u00e8re\u00a0?<\/li>\n<li>Quels sont les diff\u00e9rents types de pri\u00e8re\u00a0: adoration, confession, requ\u00eates&#8230;<\/li>\n<\/ul>\n<h2>Un s\u00e9minaire c&rsquo;est :<\/h2>\n<ul>\n<li>Une pr\u00e9paration personnelle avant le s\u00e9minaire<\/li>\n<li>Un enseignement biblique<\/li>\n<li>La pratique de la pri\u00e8re<\/li>\n<li>Le chant<\/li>\n<li>Un temps de questions<\/li>\n<li>Des groupes de discussion.<\/li>\n<\/ul>\n<p>Notez bien qu\u2019il y a neuf\u00a0s\u00e9minaires diff\u00e9rents sur le th\u00e8me de la pri\u00e8re. Bien s\u00fbr, on vous conseille de les aborder dans l\u2019ordre chronologique. Cependant, nous sommes souples. Chaque s\u00e9minaire dure six heures\u00a0et il\u00a0est accompagn\u00e9 d\u2019un manuel.<\/p>\n<p>En parall\u00e8le de ces s\u00e9minaires, un programme pour les enfants (4-11 ans) peut \u00eatre anim\u00e9 par Fran\u00e7oise NEWBERRY.<\/p>\n<h2>Contenu des s\u00e9minaires sur la pri\u00e8re<\/h2>\n<p><a href=\"http:\/\/enviedeprier.com\/wordpress\/fr\/seminaires\/contenu-des-seminaires-sur-la-priere\/\">Voir le d\u00e9tail des s\u00e9minaires<\/a><\/p>\n<h2>T\u00e9moignage des participants aux s\u00e9minaires<\/h2>\n<p><a href=\"http:\/\/enviedeprier.com\/wordpress\/fr\/seminaires\/temoignages-des-participants-aux-seminaires\/\">Voir le d\u00e9tail des t\u00e9moignages<\/a><\/p>\n<p>&nbsp;<\/p>\n","protected":false},"excerpt":{"rendered":"<p>S\u00e9minaires sur la pri\u00e8re Lisez la Bible, l\u2019histoire de l\u2019\u00c9glise et vous verrez l\u2019importance et l\u2019impact de la pri\u00e8re. La pri\u00e8re change mon c\u0153ur, influence le cours de l\u2019Histoire, suscite &#8230; <a title=\"S\u00e9minaires\" class=\"read-more\" href=\"http:\/\/enviedeprier.com\/wordpress\/fr\/seminaires\/\" aria-label=\"En savoir plus sur S\u00e9minaires\">Lire la suite<\/a><\/p>\n","protected":false},"author":1,"featured_media":0,"parent":0,"menu_order":2,"comment_status":"closed","ping_status":"closed","template":"","meta":{"_exactmetrics_skip_tracking":false,"_exactmetrics_sitenote_active":false,"_exactmetrics_sitenote_note":"","_exactmetrics_sitenote_category":0,"generate_page_header":"","footnotes":""},"class_list":["post-18","page","type-page","status-publish"],"_links":{"self":[{"href":"http:\/\/enviedeprier.com\/wordpress\/wp-json\/wp\/v2\/pages\/18","targetHints":{"allow":["GET"]}}],"collection":[{"href":"http:\/\/enviedeprier.com\/wordpress\/wp-json\/wp\/v2\/pages"}],"about":[{"href":"http:\/\/enviedeprier.com\/wordpress\/wp-json\/wp\/v2\/types\/page"}],"author":[{"embeddable":true,"href":"http:\/\/enviedeprier.com\/wordpress\/wp-json\/wp\/v2\/users\/1"}],"replies":[{"embeddable":true,"href":"http:\/\/enviedeprier.com\/wordpress\/wp-json\/wp\/v2\/comments?post=18"}],"version-history":[{"count":11,"href":"http:\/\/enviedeprier.com\/wordpress\/wp-json\/wp\/v2\/pages\/18\/revisions"}],"predecessor-version":[{"id":189,"href":"http:\/\/enviedeprier.com\/wordpress\/wp-json\/wp\/v2\/pages\/18\/revisions\/189"}],"wp:attachment":[{"href":"http:\/\/enviedeprier.com\/wordpress\/wp-json\/wp\/v2\/media?parent=18"}],"curies":[{"name":"wp","href":"https:\/\/api.w.org\/{rel}","templated":true}]}}